{"id":5209,"date":"2018-10-18T15:05:35","date_gmt":"2018-10-18T15:05:35","guid":{"rendered":"https:\/\/www.mirtakupferminc.net\/biografia\/"},"modified":"2020-07-03T11:43:35","modified_gmt":"2020-07-03T11:43:35","slug":"biografia","status":"publish","type":"page","link":"https:\/\/www.mirtakupferminc.net\/en\/biografia\/","title":{"rendered":"Biografia"},"content":{"rendered":"<section class=\"wpb-content-wrapper\"><p>[vc_row][vc_column offset=&#8221;vc_col-lg-5 vc_col-md-12 vc_col-xs-12&#8243;]<div class=\"FixedImg\">\n    <div class=\"FixedImg__Left\">\n\t\t<img loading=\"lazy\" decoding=\"async\" width=\"960\" height=\"960\" src=\"https:\/\/www.mirtakupferminc.net\/wp-content\/uploads\/2019\/11\/mirta_bio.jpg\" class=\"attachment-full size-full\" alt=\"\" srcset=\"https:\/\/www.mirtakupferminc.net\/wp-content\/uploads\/2019\/11\/mirta_bio.jpg 960w, https:\/\/www.mirtakupferminc.net\/wp-content\/uploads\/2019\/11\/mirta_bio-300x300.jpg 300w, https:\/\/www.mirtakupferminc.net\/wp-content\/uploads\/2019\/11\/mirta_bio-150x150.jpg 150w, https:\/\/www.mirtakupferminc.net\/wp-content\/uploads\/2019\/11\/mirta_bio-768x768.jpg 768w, https:\/\/www.mirtakupferminc.net\/wp-content\/uploads\/2019\/11\/mirta_bio-650x650.jpg 650w, https:\/\/www.mirtakupferminc.net\/wp-content\/uploads\/2019\/11\/mirta_bio-100x100.jpg 100w\" sizes=\"auto, (max-width: 960px) 100vw, 960px\" \/>\t\t            <div class=\"FixedImg__Left__Text\" style=\"font-size: 427px;color: #000000\">\n\t\t\t\tMK            <\/div> <!-- \/.FixedImg__Left__Text -->\n\t\t    <\/div> <!-- \/.FixedImg__Left -->\n    <div class=\"FixedImg__Right\">\n\t\t    <\/div> <!-- \/.FixedImg__Right -->\n    <div class=\"FixedImg__Helper\"><\/div>\n<\/div>\n\n\n[\/vc_column][vc_column el_class=&#8221;custom_mirta_biografia&#8221; offset=&#8221;vc_col-lg-7 vc_col-md-12 vc_col-xs-12&#8243;][vc_column_text]<\/p>\n<h1>Mirta Kupferminc<\/h1>\n<p>[\/vc_column_text][vc_column_text]I am an Argentine multidisciplinary artist, who lives and works in Buenos Aires. Lecturer, curator \u00a0and teacher.Exhibiting since 1977, had more than 100 solo shows.<\/p>\n<p>I represent Argentina in international biennials, and received many awards and recognitions. I built the memorial to honor the victims of the terrorist attack of the Jewish Community building AMIA in Buenos Aires in 1994. I search into my family history and the Jewish culture, in order to draw out of these sources a number of metaphors that go beyond the peculiarities of individual experience.<\/p>\n<p>Driven by a fully humanistic vision. I am drawn to certain recurrent topics, such as, identity, literature, migrations, human rights and memory. I am a wife a mother and grandmother .<\/p>\n<p>I live and work in Buenos Aires, but I like to be called as a \u201cuniversal foreigner\u201d in art and in life. I direct my own studio already for 38 years, and launched an association called GraficaInsurgente, where I mentor other artists.In 2015 I launched LABA-BA : a laboratory for Jewish Culture in Buenos Aires , working together with LABA at the 14<sup>th<\/sup> St Y NYC.<\/p>\n<p>&nbsp;<\/p>\n<p><a href=\"http:\/\/www.mirtakupferminc.net\">www.mirtakupferminc.net<\/a>[\/vc_column_text][\/vc_column][\/vc_row][vc_row disable_element=&#8221;yes&#8221;][vc_column css=&#8221;.vc_custom_1574703640259{padding-top: 50px !important;}&#8221;]<div class=\"FixedImg\">\n    <div class=\"FixedImg__Left\">\n\t\t<img loading=\"lazy\" decoding=\"async\" width=\"960\" height=\"960\" src=\"https:\/\/www.mirtakupferminc.net\/wp-content\/uploads\/2019\/11\/mirta_bio.jpg\" class=\"attachment-full size-full\" alt=\"\" srcset=\"https:\/\/www.mirtakupferminc.net\/wp-content\/uploads\/2019\/11\/mirta_bio.jpg 960w, https:\/\/www.mirtakupferminc.net\/wp-content\/uploads\/2019\/11\/mirta_bio-300x300.jpg 300w, https:\/\/www.mirtakupferminc.net\/wp-content\/uploads\/2019\/11\/mirta_bio-150x150.jpg 150w, https:\/\/www.mirtakupferminc.net\/wp-content\/uploads\/2019\/11\/mirta_bio-768x768.jpg 768w, https:\/\/www.mirtakupferminc.net\/wp-content\/uploads\/2019\/11\/mirta_bio-650x650.jpg 650w, https:\/\/www.mirtakupferminc.net\/wp-content\/uploads\/2019\/11\/mirta_bio-100x100.jpg 100w\" sizes=\"auto, (max-width: 960px) 100vw, 960px\" \/>\t\t            <div class=\"FixedImg__Left__Text\" style=\"font-size: 640px\">\n\t\t\t\tMK            <\/div> <!-- \/.FixedImg__Left__Text -->\n\t\t    <\/div> <!-- \/.FixedImg__Left -->\n    <div class=\"FixedImg__Right\">\n\t\t<div class=\"fixed-img-item\" style=\"padding: 0 40px 0 40px\">\n\t[vc_empty_space height=&#8221;31px&#8221;][vc_column_text]Mirta Kupferminc es una artista argentina multidisciplinaria, que vive y trabaja en Buenos Aires. Conferencista y docente. Muestra su arte internacionalmente en exposiciones individuales en galer\u00edas y en museos. Desde 1977, realiz\u00f3 m\u00e1s de 90 exposiciones individuales.<\/p>\n<p>Su trabajo est\u00e1 grabado en una l\u00ednea de producci\u00f3n contempor\u00e1nea muy precisa. Esta l\u00ednea retoma la antigua habilidad virtuosa del arte para sumergirse en narrativas universales, abordar la vida social y convertirse en un agente de la historia y la memoria. Representa a Argentina en bienales internacionales, y recibi\u00f3 m\u00faltiples premios y reconocimientos. Fue elegida para construir el monumento en memoria de las v\u00edctimas del ataque terrorista de la Comunidad Jud\u00eda AMIA en Buenos Aires en 1994 &#8211; (Memoria Activa). Mirta busca en su historia familiar y en la cultura jud\u00eda, para extraer de estas fuentes una serie de met\u00e1foras que van m\u00e1s all\u00e1 de las peculiaridades de la experiencia individual.<\/p>\n<p>Impulsada por una visi\u00f3n totalmente humanista, celebra la habilidad del arte para superar contingencias y proyectarse a s\u00ed misma con intensidad ecum\u00e9nica. Se siente atra\u00edda por ciertos temas recurrentes, como la identidad, la literatura, las migraciones, los derechos humanos y la memoria.<\/p>\n<p>Kupferminc ha mostrado su arte en Shanghai, Suiza, Espa\u00f1a, Taiw\u00e1n, Jap\u00f3n, Hong Kong, Alemania, Cuba, Brasil, Israel, Estados Unidos, Polonia, Francia, Hungr\u00eda, Inglaterra, y sus obras se pueden encontrar en colecciones y museos internacionales: en Israel Museo de la Colecci\u00f3n de Arte Contempor\u00e1neo, Jerusal\u00e9n-Israel-Museo de Bellas Artes, Taipei-Museo de Bellas Artes, Museo de Taichung-Taiw\u00e1n-Ralli, Museo del Holocausto de Uruguay, Budapest, Hungr\u00eda, &#8211; Universidad de Maryland, -Biblioteca del Congreso, Washington DC- Biblioteca Golda Meir, Winsconsin University, Milwaukee- HUC Museum, Nueva York, Manhattan, -Southern Graphic Council Collection, EE.UU.<\/p>\n<p>Vive y trabaja en Buenos Aires. Dirige su propio estudio desde hace 35 a\u00f1os, donde es mentora de otros artistas. Mirta lanz\u00f3 Laba-BA: un laboratorio para la cultura jud\u00eda en Buenos Aires en 2015, trabajando junto con Laba en la 14th St Y NYC<\/p>\n<p>www.mirtakupferminc.net[\/vc_column_text][vc_column_text]<\/p>\n<h5>Contact Information<\/h5>\n<p>[\/vc_column_text][vc_empty_space height=&#8221;13px&#8221;][vc_column_text]<\/p>\n<h6 style=\"margin-top: 7px;\"><a href=\"mailto:amedeo@elated.com\">E :mirtakupferminc@gmail.com<\/a><\/h6>\n<p>[\/vc_column_text][vc_empty_space height=&#8221;24px&#8221;]<\/div> <!-- \/.fixed-img-item -->    <\/div> <!-- \/.FixedImg__Right -->\n    <div class=\"FixedImg__Helper\"><\/div>\n<\/div>\n\n\n[\/vc_column][\/vc_row][vc_row][vc_column][vc_empty_space height=&#8221;40px&#8221;][\/vc_column][\/vc_row]<\/p>\n<\/section>","protected":false},"excerpt":{"rendered":"<p>[vc_row][vc_column offset=&#8221;vc_col-lg-5 vc_col-md-12 vc_col-xs-12&#8243;][\/vc_column][vc_column el_class=&#8221;custom_mirta_biografia&#8221; offset=&#8221;vc_col-lg-7 vc_col-md-12 vc_col-xs-12&#8243;][vc_column_text] Mirta Kupferminc [\/vc_column_text][vc_column_text]I am an Argentine multidisciplinary artist, who lives and works in Buenos Aires. Lecturer, curator \u00a0and teacher.Exhibiting since 1977, had more than 100 solo shows. I represent Argentina in international biennials, and received many awards and recognitions. I built the memorial to honor the victims of the terrorist attack of the Jewish Community [&hellip;]<\/p>\n","protected":false},"author":3,"featured_media":0,"parent":0,"menu_order":0,"comment_status":"closed","ping_status":"closed","template":"","meta":{"_acf_changed":false,"footnotes":""},"class_list":["post-5209","page","type-page","status-publish","hentry"],"acf":[],"yoast_head":"<!-- This site is optimized with the Yoast SEO plugin v24.6 - https:\/\/yoast.com\/wordpress\/plugins\/seo\/ -->\n<title>Biografia - Mirta Kupferminc<\/title>\n<meta name=\"robots\" content=\"index, follow, max-snippet:-1, max-image-preview:large, max-video-preview:-1\" \/>\n<link rel=\"canonical\" href=\"https:\/\/www.mirtakupferminc.net\/en\/biografia\/\" \/>\n<meta name=\"twitter:card\" content=\"summary_large_image\" \/>\n<meta name=\"twitter:title\" content=\"Biografia - Mirta Kupferminc\" \/>\n<meta name=\"twitter:description\" content=\"[vc_row][vc_column offset=&#8221;vc_col-lg-5 vc_col-md-12 vc_col-xs-12&#8243;][\/vc_column][vc_column el_class=&#8221;custom_mirta_biografia&#8221; offset=&#8221;vc_col-lg-7 vc_col-md-12 vc_col-xs-12&#8243;][vc_column_text] Mirta Kupferminc [\/vc_column_text][vc_column_text]I am an Argentine multidisciplinary artist, who lives and works in Buenos Aires. Lecturer, curator \u00a0and teacher.Exhibiting since 1977, had more than 100 solo shows. I represent Argentina in international biennials, and received many awards and recognitions. I built the memorial to honor the victims of the terrorist attack of the Jewish Community [&hellip;]\" \/>\n<meta name=\"twitter:site\" content=\"@MirtaKupferminc\" \/>\n<meta name=\"twitter:label1\" content=\"Est. reading time\" \/>\n\t<meta name=\"twitter:data1\" content=\"3 minutes\" \/>\n<script type=\"application\/ld+json\" class=\"yoast-schema-graph\">{\"@context\":\"https:\/\/schema.org\",\"@graph\":[{\"@type\":\"WebPage\",\"@id\":\"https:\/\/www.mirtakupferminc.net\/en\/biografia\/\",\"url\":\"https:\/\/www.mirtakupferminc.net\/en\/biografia\/\",\"name\":\"Biografia - Mirta Kupferminc\",\"isPartOf\":{\"@id\":\"https:\/\/www.mirtakupferminc.net\/#website\"},\"datePublished\":\"2018-10-18T15:05:35+00:00\",\"dateModified\":\"2020-07-03T11:43:35+00:00\",\"breadcrumb\":{\"@id\":\"https:\/\/www.mirtakupferminc.net\/en\/biografia\/#breadcrumb\"},\"inLanguage\":\"en-US\",\"potentialAction\":[{\"@type\":\"ReadAction\",\"target\":[\"https:\/\/www.mirtakupferminc.net\/en\/biografia\/\"]}]},{\"@type\":\"BreadcrumbList\",\"@id\":\"https:\/\/www.mirtakupferminc.net\/en\/biografia\/#breadcrumb\",\"itemListElement\":[{\"@type\":\"ListItem\",\"position\":1,\"name\":\"Portada\",\"item\":\"https:\/\/www.mirtakupferminc.net\/en\/\"},{\"@type\":\"ListItem\",\"position\":2,\"name\":\"Biografia\"}]},{\"@type\":\"WebSite\",\"@id\":\"https:\/\/www.mirtakupferminc.net\/#website\",\"url\":\"https:\/\/www.mirtakupferminc.net\/\",\"name\":\"Mirta Kupferminc\",\"description\":\"Artista\",\"publisher\":{\"@id\":\"https:\/\/www.mirtakupferminc.net\/#organization\"},\"potentialAction\":[{\"@type\":\"SearchAction\",\"target\":{\"@type\":\"EntryPoint\",\"urlTemplate\":\"https:\/\/www.mirtakupferminc.net\/?s={search_term_string}\"},\"query-input\":{\"@type\":\"PropertyValueSpecification\",\"valueRequired\":true,\"valueName\":\"search_term_string\"}}],\"inLanguage\":\"en-US\"},{\"@type\":\"Organization\",\"@id\":\"https:\/\/www.mirtakupferminc.net\/#organization\",\"name\":\"Mirta Kupferminc\",\"url\":\"https:\/\/www.mirtakupferminc.net\/\",\"logo\":{\"@type\":\"ImageObject\",\"inLanguage\":\"en-US\",\"@id\":\"https:\/\/www.mirtakupferminc.net\/#\/schema\/logo\/image\/\",\"url\":\"https:\/\/www.mirtakupferminc.net\/wp-content\/uploads\/2019\/11\/logos_mirta_final_.png\",\"contentUrl\":\"https:\/\/www.mirtakupferminc.net\/wp-content\/uploads\/2019\/11\/logos_mirta_final_.png\",\"width\":251,\"height\":28,\"caption\":\"Mirta Kupferminc\"},\"image\":{\"@id\":\"https:\/\/www.mirtakupferminc.net\/#\/schema\/logo\/image\/\"},\"sameAs\":[\"https:\/\/x.com\/MirtaKupferminc\"]}]}<\/script>\n<!-- \/ Yoast SEO plugin. -->","yoast_head_json":{"title":"Biografia - Mirta Kupferminc","robots":{"index":"index","follow":"follow","max-snippet":"max-snippet:-1","max-image-preview":"max-image-preview:large","max-video-preview":"max-video-preview:-1"},"canonical":"https:\/\/www.mirtakupferminc.net\/en\/biografia\/","twitter_card":"summary_large_image","twitter_title":"Biografia - Mirta Kupferminc","twitter_description":"[vc_row][vc_column offset=&#8221;vc_col-lg-5 vc_col-md-12 vc_col-xs-12&#8243;][\/vc_column][vc_column el_class=&#8221;custom_mirta_biografia&#8221; offset=&#8221;vc_col-lg-7 vc_col-md-12 vc_col-xs-12&#8243;][vc_column_text] Mirta Kupferminc [\/vc_column_text][vc_column_text]I am an Argentine multidisciplinary artist, who lives and works in Buenos Aires. Lecturer, curator \u00a0and teacher.Exhibiting since 1977, had more than 100 solo shows. I represent Argentina in international biennials, and received many awards and recognitions. I built the memorial to honor the victims of the terrorist attack of the Jewish Community [&hellip;]","twitter_site":"@MirtaKupferminc","twitter_misc":{"Est. reading time":"3 minutes"},"schema":{"@context":"https:\/\/schema.org","@graph":[{"@type":"WebPage","@id":"https:\/\/www.mirtakupferminc.net\/en\/biografia\/","url":"https:\/\/www.mirtakupferminc.net\/en\/biografia\/","name":"Biografia - Mirta Kupferminc","isPartOf":{"@id":"https:\/\/www.mirtakupferminc.net\/#website"},"datePublished":"2018-10-18T15:05:35+00:00","dateModified":"2020-07-03T11:43:35+00:00","breadcrumb":{"@id":"https:\/\/www.mirtakupferminc.net\/en\/biografia\/#breadcrumb"},"inLanguage":"en-US","potentialAction":[{"@type":"ReadAction","target":["https:\/\/www.mirtakupferminc.net\/en\/biografia\/"]}]},{"@type":"BreadcrumbList","@id":"https:\/\/www.mirtakupferminc.net\/en\/biografia\/#breadcrumb","itemListElement":[{"@type":"ListItem","position":1,"name":"Portada","item":"https:\/\/www.mirtakupferminc.net\/en\/"},{"@type":"ListItem","position":2,"name":"Biografia"}]},{"@type":"WebSite","@id":"https:\/\/www.mirtakupferminc.net\/#website","url":"https:\/\/www.mirtakupferminc.net\/","name":"Mirta Kupferminc","description":"Artista","publisher":{"@id":"https:\/\/www.mirtakupferminc.net\/#organization"},"potentialAction":[{"@type":"SearchAction","target":{"@type":"EntryPoint","urlTemplate":"https:\/\/www.mirtakupferminc.net\/?s={search_term_string}"},"query-input":{"@type":"PropertyValueSpecification","valueRequired":true,"valueName":"search_term_string"}}],"inLanguage":"en-US"},{"@type":"Organization","@id":"https:\/\/www.mirtakupferminc.net\/#organization","name":"Mirta Kupferminc","url":"https:\/\/www.mirtakupferminc.net\/","logo":{"@type":"ImageObject","inLanguage":"en-US","@id":"https:\/\/www.mirtakupferminc.net\/#\/schema\/logo\/image\/","url":"https:\/\/www.mirtakupferminc.net\/wp-content\/uploads\/2019\/11\/logos_mirta_final_.png","contentUrl":"https:\/\/www.mirtakupferminc.net\/wp-content\/uploads\/2019\/11\/logos_mirta_final_.png","width":251,"height":28,"caption":"Mirta Kupferminc"},"image":{"@id":"https:\/\/www.mirtakupferminc.net\/#\/schema\/logo\/image\/"},"sameAs":["https:\/\/x.com\/MirtaKupferminc"]}]}},"_links":{"self":[{"href":"https:\/\/www.mirtakupferminc.net\/en\/wp-json\/wp\/v2\/pages\/5209","targetHints":{"allow":["GET"]}}],"collection":[{"href":"https:\/\/www.mirtakupferminc.net\/en\/wp-json\/wp\/v2\/pages"}],"about":[{"href":"https:\/\/www.mirtakupferminc.net\/en\/wp-json\/wp\/v2\/types\/page"}],"author":[{"embeddable":true,"href":"https:\/\/www.mirtakupferminc.net\/en\/wp-json\/wp\/v2\/users\/3"}],"replies":[{"embeddable":true,"href":"https:\/\/www.mirtakupferminc.net\/en\/wp-json\/wp\/v2\/comments?post=5209"}],"version-history":[{"count":0,"href":"https:\/\/www.mirtakupferminc.net\/en\/wp-json\/wp\/v2\/pages\/5209\/revisions"}],"wp:attachment":[{"href":"https:\/\/www.mirtakupferminc.net\/en\/wp-json\/wp\/v2\/media?parent=5209"}],"curies":[{"name":"wp","href":"https:\/\/api.w.org\/{rel}","templated":true}]}}