{"id":5211,"date":"2018-10-23T09:43:04","date_gmt":"2018-10-23T09:43:04","guid":{"rendered":"https:\/\/www.mirtakupferminc.net\/curriculum-2\/"},"modified":"2023-03-20T00:04:59","modified_gmt":"2023-03-20T03:04:59","slug":"curriculum","status":"publish","type":"page","link":"https:\/\/www.mirtakupferminc.net\/en\/curriculum\/","title":{"rendered":"Curriculum"},"content":{"rendered":"<section class=\"wpb-content-wrapper\"><p>[vc_row row_content_width=&#8221;grid&#8221;][vc_column offset=&#8221;vc_col-lg-5 vc_col-md-12 vc_col-xs-12&#8243; el_class=&#8221;fila_mirta_curriculum_custom&#8221;]<div class=\"eltdf-single-image-holder   \">\n    <div class=\"eltdf-si-inner\" >\n                                    <img loading=\"lazy\" decoding=\"async\" src=\"https:\/\/www.mirtakupferminc.net\/wp-content\/uploads\/2020\/02\/foto-de-Alejamdro-Meter-2020-800x1000.jpg\" alt=\"\" width=\"800\" height=\"1000\" \/>                        <\/div>\n<\/div><div class=\"eltdf-background-text eltdf-align-left eltdf-no-rotate\" style=\"left: -28%;top: 78%;font-size: 370px\"\n     id=\"eltdf-background-text-546\" data-item-class=\"bkgText-8665\" data-font-size-1600=\"262px\" data-font-size-1366=\"290px\" data-font-size-1024=\"225px\" data-font-size-768=\"320px\" data-font-size-680=\"247px\" data-horizontal-offset-1600=\"-15%\" data-horizontal-offset-1366=\"-9%\" data-horizontal-offset-1024=\"-10%\" data-horizontal-offset-768=\"-20%\" data-horizontal-offset-680=\"-20%\" data-vertical-offset-1600=\"79%\" data-vertical-offset-1366=\"70%\" data-vertical-offset-1024=\"77%\" data-vertical-offset-768=\"77%\" data-vertical-offset-680=\"77%\">\n    <div class=\"eltdf-background-text-inner\">\n\t\tMK    <\/div>\n<\/div>\n[vc_empty_space height=&#8221;30px&#8221;][vc_column_text]<\/p>\n<h5>Photo by: Alejandro Meter<\/h5>\n<p>[\/vc_column_text][\/vc_column][vc_column offset=&#8221;vc_col-lg-7 vc_col-md-12 vc_col-xs-12&#8243;]<div class=\"eltdf-section-title-holder  eltdf-st-standard eltdf-st-title-left eltdf-st-normal-space \" >\n\t<div class=\"eltdf-st-inner\">\n\t\t\t\t\t<h1 class=\"eltdf-st-title\" >\n\t\t\t\tMirta Kupferminc\t\t\t<\/h1>\n\t\t\t\t\t<\/div>\n<\/div>[vc_empty_space height=&#8221;38px&#8221;][vc_column_text]<\/p>\n<div class=\"vc_empty_space\">\n<p><strong>M<\/strong><strong>i<\/strong><strong>rt<\/strong><strong>a Kupferminc,<\/strong><\/p>\n<p>Multidisciplinary artist, Born, Buenos Aires, Argentina1955-<\/p>\n<p>Studies: Ernesto de la C\u00e1rcova (Superior Studies) &#8211; 1978 to 1981<\/p>\n<p>Prilidiano Pueyrred\u00f3n (National Art University) &#8211; Degree: Master- 1974 to 1977<\/p>\n<p>Manuel Belgrano (National Art College) \u2013 1969 to1973<\/p>\n<p>Lecturer, mentor of other artists and teacher, she lives and works in Buenos Aires. Exhibiting since 1977, she has had more than 100 solo and group shows in Argentina, Cuba, Brazil, Uruguay, China Switzerland, Spain, Taiwan, Japan, Hong Kong , Germany, Israel, Poland, France, Hungary, England, United States. Her works can be found in International Collections and Museums. Received local and international printmaking awards, Example: Great Honor Prize (2012) in Argentina, First Prize Sivori Museum, Argentina (2018) Silver Medal Taiwan Biennale (2006) Honor Mention Taipei Biennale (1999)Third Prize\u00a0 at 7<sup>th<\/sup> Koichi Biennale (2008).<\/p>\n<p>In 2013 she was the first international fellow at LABA House of Study: a laboratory for Jewish Art and Culture at the 14<sup>th<\/sup> St Y NYC.and is also the founding LABA-BA director in Buenos Aires. And also directs Grafia Insurgente Association.<\/p>\n<\/div>\n<p>[\/vc_column_text][vc_empty_space height=&#8221;39px&#8221;][vc_column_text]<\/p>\n<h5>Contact Information<\/h5>\n<p>[\/vc_column_text][vc_column_text]<\/p>\n<h6 style=\"margin-top: 6px;\">E : mirta@mirtakupferminc.net<\/h6>\n<p>[\/vc_column_text]    <span class=\"eltdf-icon-shortcode eltdf-normal   \" style=\"margin: 7px 7px 0px 0px\" >\n                    <a itemprop=\"url\" class=\"\" href=\"https:\/\/www.facebook.com\/mkupferminc\" target=\"_blank\">\n                    <i class=\"eltdf-icon-font-awesome fab fa-facebook eltdf-icon-element\" style=\"\" ><\/i>                    <\/a>\n            <\/span>\n    <span class=\"eltdf-icon-shortcode eltdf-normal   \" style=\"margin: 7px 7px 0px 0px\" >\n                    <a itemprop=\"url\" class=\"\" href=\"https:\/\/www.instagram.com\/mirta_kupferminc\/\" target=\"_self\">\n                    <i class=\"eltdf-icon-font-awesome fab fa-instagram eltdf-icon-element\" style=\"\" ><\/i>                    <\/a>\n            <\/span>\n    <span class=\"eltdf-icon-shortcode eltdf-normal   \" style=\"margin: 7px 7px 0px 0px\" >\n                    <a itemprop=\"url\" class=\"\" href=\"https:\/\/ar.pinterest.com\/mirtakupferminc\/\" target=\"_self\">\n                    <i class=\"eltdf-icon-font-awesome fab fa-pinterest eltdf-icon-element\" style=\"\" ><\/i>                    <\/a>\n            <\/span>\n[\/vc_column][\/vc_row][vc_row][vc_column][vc_empty_space height=&#8221;100px&#8221;][\/vc_column][\/vc_row][vc_row full_width=&#8221;stretch_row_content_no_spaces&#8221; content_placement=&#8221;middle&#8221; disable_element=&#8221;yes&#8221;][vc_column]<div class=\"eltdf-elements-holder   eltdf-two-columns  eltdf-responsive-mode-768 \" ><div class=\"eltdf-eh-item    \"  data-item-class=\"eltdf-eh-custom-5033\" data-1367-1600=\"0 40px\" data-1025-1366=\"0 40px\" data-769-1024=\"0 40px\" data-681-768=\"0 30px\" data-680=\"0 20px\">\n\t<div class=\"eltdf-eh-item-inner\">\n\t\t<div class=\"eltdf-eh-item-content eltdf-eh-custom-5033\" >\n\t\t\t[vc_column_text]<\/p>\n<h5 style=\"margin-top: 19px;\">Colecciones y Museos (selecci\u00f3n)<\/h5>\n<p>[\/vc_column_text][vc_empty_space height=&#8221;4px&#8221;][vc_column_text]<\/p>\n<ul>\n<li>Palais de Glace, Buenos Aires &#8211; Museo Nacional de Grabado, Buenos Aires &#8211; IWO Museum.<\/li>\n<li>Buenos Aires &#8211; Colecci\u00f3n Amalia L. de Fortabat &#8211; Oficina Comerial y legal de Taiw\u00e1n en Argentina.<\/li>\n<li>Museo Rosa Galisteo de Rodriguez, Rosario &#8211; Santa F\u00e9 &#8211; Argentina.<\/li>\n<li>Museo Wolfsohn Hechal Schlom\u00f3 &#8211; Jerusalem &#8211; The Israel Museum Contemporary Art Collection, Jerusalem &#8211; Israel &#8211; Fine Arts Museum, Taipei &#8211; Fine Arts Museum, Taichung &#8211; Taiw\u00e1n &#8211; Museo Ralli, Uruguay &#8211; Fine Arts Museum, G\u00ffor-Museo Holocaust \u00a0museum, Budapest, Hungary &#8211; Ex-libris Museum, Saint Niklaas, Belgium &#8211; Colecci\u00f3n \u00a0Contempor\u00e1nea de la \u00a0Real Biblioteca de Madrid, Espa\u00f1a &#8211; Casa de las Am\u00e9ricas, La Habana, Cuba &#8211; Universidad de Maryland &#8211; Library of Congress, Washington DC &#8211; Golda Meir Library, Winsconsin, Jewish Museum in Milwaukee &#8211; HUC Museum,\u00a0 Nueva York, Manhattan, NY- New York University at Buffalo &#8211; Milwaukee Institute of Art and Design,<\/li>\n<li>Winsconsin &#8211; University &#8211; Southern Graphic Council Collection, EE.UU.<\/li>\n<\/ul>\n<p>[\/vc_column_text][vc_empty_space height=&#8221;19px&#8221;]\t\t<\/div>\n\t<\/div>\n<\/div><\/div>[\/vc_column][\/vc_row][vc_row row_content_width=&#8221;grid&#8221; content_text_aligment=&#8221;left&#8221; css=&#8221;.vc_custom_1572405630311{padding-top: 102px !important;padding-bottom: 106px !important;}&#8221; simple_background_color=&#8221;#f9f7f5&#8243; el_class=&#8221;row-oblique&#8221;][vc_column]<div class=\"eltdf-accordion-holder eltdf-ac-default  eltdf-accordion  clearfix\">\n\t<h5 class=\"eltdf-accordion-title\">\n    <span class=\"eltdf-accordion-mark\">\n\t\t<span class=\"eltdf-plus\"><\/span>\n\t\t<span class=\"eltdf-minus\"><\/span>\n\t<\/span>\n\t<span class=\"eltdf-tab-title\">International Collections and Museums<\/span>\n<\/h5>\n<div class=\"eltdf-accordion-content\">\n\t<div class=\"eltdf-accordion-content-inner\">\n\t\t[vc_column_text]Museo Wolfsohn Hechal Schlom\u00f3 \u2013 Jerusalem- The Israel Museum Contemporary Art Collection, Jerusalem-Israel-Fine Arts Museum , Taipei-Fine Arts Museum , Taichung-<\/p>\n<p>Taiwan-Ralli Museum, Uruguay- Fine Arts Museum ,G\u00ffor-Holocaust Museum, Budapest, Hungary-Ex-libris Museum, Saint Niklaas, Belgium-National Library , Madrid,contemporary collection, Spain-\u00a0\u00a0 Casa de las Am\u00e9ricas, La Habana, Cuba- Universidad de Maryland-Library of Congress, Washington DC-Golda Meir Library, Winsconsin University,Milwaukee- HUC Museum,\u00a0 Nueva York, Manhattan, NY-University of New York at Buffalo- MIAD (Milwaukee Institute of art and Design),- Winsconsin University Collection-Southern Graphic Council Collection, USA.[\/vc_column_text]\t<\/div>\n<\/div><h5 class=\"eltdf-accordion-title\">\n    <span class=\"eltdf-accordion-mark\">\n\t\t<span class=\"eltdf-plus\"><\/span>\n\t\t<span class=\"eltdf-minus\"><\/span>\n\t<\/span>\n\t<span class=\"eltdf-tab-title\">Collections and Museums in Argentina (selection)<\/span>\n<\/h5>\n<div class=\"eltdf-accordion-content\">\n\t<div class=\"eltdf-accordion-content-inner\">\n\t\t[vc_column_text]<\/p>\n<ul>\n<li>Palais de Glace (Museum), Buenos Aires-Rosa Galisteo de Rodr\u00edguez Museum.<\/li>\n<li>Rosario-National Printmaking Museum.<\/li>\n<li>Buenos Aires-IWO Museum.<\/li>\n<li>Buenos Aires-Amalia L. de Fortabat Collection, Jewish Museum.<\/li>\n<li>Buenos Aires-Nueva Direcci\u00f3n en la Cultura Collection.<\/li>\n<li>Buenos Aires-Garraham Hospital.<\/li>\n<li>Buenos Aires-Hacoaj Nautical Club-Argentinian Hebraica Society.<\/li>\n<li>Buenos Aires-Pard\u00e9s Foundation.<\/li>\n<li>Buenos Aires-Konex Foundation.<\/li>\n<li>Buenos Aires-Banco Mercantil Foundation.<\/li>\n<li>Cultural and Commercial Office of Taipei in Argentina.<\/li>\n<\/ul>\n<p>[\/vc_column_text]\t<\/div>\n<\/div><h5 class=\"eltdf-accordion-title\">\n    <span class=\"eltdf-accordion-mark\">\n\t\t<span class=\"eltdf-plus\"><\/span>\n\t\t<span class=\"eltdf-minus\"><\/span>\n\t<\/span>\n\t<span class=\"eltdf-tab-title\">Main Awards<\/span>\n<\/h5>\n<div class=\"eltdf-accordion-content\">\n\t<div class=\"eltdf-accordion-content-inner\">\n\t\t[vc_column_text]<b>2022 <\/b><span style=\"font-weight: 400;\">Winner of the 2022 Isaac Anolic Foundation Award for artist Books<\/span><span style=\"font-weight: 400;\"><br \/>\n<\/span><span style=\"font-weight: 400;\">Honor Mention,\u00a0 International\u00a0 Printmaking Contest Jos\u00e9 Guadalupe Posada, Museo Jos\u00e9 Guadalupe Posada, Aguascalientes, M\u00e9xico.<\/span><span style=\"font-weight: 400;\"><br \/>\n<\/span><span style=\"font-weight: 400;\">\u201cTestimonio para el Testigo\u201d\u00a0 Programa Mecenazgo Cultural, Impulso Cultural, Ministerio de Cultura de la Ciudad de Buenos Aires.<\/span><\/p>\n<p><strong><b>2021 <\/b><span style=\"font-weight: 400;\">First Prize, Sal\u00f3n Municipal Manuel Belgrano, Museo E. S\u00edvori, Buenos Aires.<\/span><span style=\"font-weight: 400;\"><br \/>\n<\/span><span style=\"font-weight: 400;\">First Prize (collaboration with Andi Arnovitz and Lynne Avadenka), Anolic Family Foundation, U.S.A<\/span><br \/>\n<\/strong><\/p>\n<p><strong>2018 <\/strong>Second prize \u2013 Salon manuel Belgrano \u2013 Museo Sivori national contest<\/p>\n<p><strong>2016<\/strong> Beca Memorial Foundation for Jewish Culture \u2013 New York<\/p>\n<p><strong>2013<\/strong> Honor Mention Sivori Museum, Argentina<\/p>\n<p><strong>2013<\/strong> First International Fellow at LABA: HOUSE OF STUDY Y New York-<\/p>\n<p>The Charles and Lynn Schusterman Family Foundation (CLSFF)<\/p>\n<p>\u201c#MakeItHappen\u201d Micro Grant Campaign<\/p>\n<p><strong>2012<\/strong> First National Honor Award \u2013 Presidencia de la Naci\u00f3n Argentina<\/p>\n<p><strong>2010<\/strong> Special prize for the Video THE NAME AND THE NUMBER,Argentina,<\/p>\n<p><strong>2008<\/strong> Third prize at the 7<sup>th<\/sup> International Triennial Exhibition of Prints- Kochi<\/p>\n<p>Grant- Memorial Foundation for Jewish Culture-<\/p>\n<p><strong>2007<\/strong>\u00a0 Commendation Award- Ben Uri art gallery- IJAYA- London, Great Britain<\/p>\n<p><strong>2006<\/strong>\u00a0 Second Prize- Internacional Printmaking Bienal Taiw\u00e1n<\/p>\n<p>Premio Mois\u00e9s \u2013 Visual Arts Sociedad Hebraica Argentina<\/p>\n<p>Holocaust Museum Prize- Buenos Aires<\/p>\n<p><strong>2001<\/strong>\u00a0\u00a0 Adquisici\u00f3n Award, 78\u00ba Annual Sal\u00f3n de Santa F\u00e9, Argentina<\/p>\n<p><strong>1999<\/strong>\u00a0\u00a0 Honorable Mention, Printmaking Biennial of Taipei, Taiwan<\/p>\n<p><strong>1998<\/strong>\u00a0\u00a0 She was invited by the Printsaurus Association, Japan<\/p>\n<p><strong>1997<\/strong>\u00a0\u00a0 National Printmaking Award &#8211; FIRST PLACE<\/p>\n<p><strong>1996<\/strong>\u00a0\u00a0 Honor Great Award, Sal\u00f3n de Santa Fe, Argentina<\/p>\n<p><strong>1993<\/strong>\u00a0\u00a0 Consulate of Italy Award, Sal\u00f3n de Santa Fe, Argentina<\/p>\n<p>Fondo Nacional de las Artes Award &#8211;<\/p>\n<p><strong>1989<\/strong>\u00a0\u00a0 Guibourg Award , National Award, Argentina<\/p>\n<p><strong>1987<\/strong>\u00a0\u00a0 Best Monotype Award, National Award, Argentina<\/p>\n<p><strong>1985<\/strong>\u00a0\u00a0 Cata M\u00f3rtoli de Bianchi Award, National Award, Argentina<\/p>\n<p><strong>1984<\/strong>\u00a0\u00a0 Salvador Caputto Award , Sal\u00f3n de Santa Fe, Argentina<\/p>\n<p><strong>1980<\/strong>\u00a0\u00a0 Young Argentinian Art\u00a0 Award &#8211; FIRST PLACE[\/vc_column_text]\t<\/div>\n<\/div><h5 class=\"eltdf-accordion-title\">\n    <span class=\"eltdf-accordion-mark\">\n\t\t<span class=\"eltdf-plus\"><\/span>\n\t\t<span class=\"eltdf-minus\"><\/span>\n\t<\/span>\n\t<span class=\"eltdf-tab-title\">Lectures (selection)<\/span>\n<\/h5>\n<div class=\"eltdf-accordion-content\">\n\t<div class=\"eltdf-accordion-content-inner\">\n\t\t[vc_column_text]<b>2022 <\/b>&#8211; <b><span style=\"font-weight: 400;\">\u201cPhotography\u2019s Afterlives\u201d conference &#8211; Hood Museum, Dartmouth U.S.A.<\/span><span style=\"font-weight: 400;\"><br \/>\n<\/span>2021 <\/b>&#8211; <b><span style=\"font-weight: 400;\">\u201cPostmemory and the Art of Witnessing\u201d conference &#8211; University of Gda\u0144sk, Poland and Universidad Pontificia Bolivariana (Colombia).<\/span><br \/>\n2020 (online) <\/b>&#8211; interview by the Jerusalem Biennale<\/p>\n<p>Fundaci\u00f3n Judaica: \u2018A circle of chalk\u201d<\/p>\n<p>Fundaci\u00f3n Pardes: \u201c Not hidden nor evident\u201d<\/p>\n<p>Holocaust Museum Buenos Aires: Conversation on Art and Memory\u201d<\/p>\n<p>Conversation with Dan Schiffrin, California: \u201cStory telling\u201d<\/p>\n<p>Dartmouth University; \u201cBorges and the Kabbalah\u201d<\/p>\n<p>Hacoaj culture department: \u201c Discovering the already known\u201d<\/p>\n<p><b>2019 <\/b>&#8211; MSA conference, conversation with Mirianne Hirsch- Art and Memory<\/p>\n<p><b>2018<\/b>&#8211; Argentinean Chancellery, about Memory and Art<\/p>\n<p>Impact printmaking conference, Santander Spain- Migrant printmakers in conversation<\/p>\n<p><b>2017 &#8211;<\/b> Library of Congress- A Jewish latinamerican view on Babel, with Tova Shvartzman<\/p>\n<p>Borges and the Kabbalah- LABA- 14<sup>TH<\/sup> St Y New York<\/p>\n<p><b>2015<\/b> &#8211; \u201cThe Trap of Eden\u201d at the Latin American Jewish Studies Association LAJSA, University of Florida, with Tova Shvartzman<\/p>\n<p>The Skin Of Memory- Beth Torah Beny Rock Campus, Florida-<\/p>\n<p><b>2014<\/b> &#8211; Borges and Kabbalah, 14<sup>th<\/sup> St Y (LABA session)-<\/p>\n<p><b>2013<\/b> &#8211; Curator\u00b4s presentation at the SCGI International Printmaking Conference- Milwaukee-<\/p>\n<p><b>2012<\/b> &#8211; Lazar Segall Museum. Sao Paulo- Printmaking art Fair. Estampa<\/p>\n<p><b>2011<\/b>&#8211; Interdiciplinary Center for the study of Global Change- University of 2011Minnesota- \u201cMulticulturalism and Migration: an artist\u00b4s Vision\u201d- She directed the artist\u00b4s books Project \u201c Inter- Vengo\u201d a Buenos Aires for students of Dartmouth College \u2013<\/p>\n<p>Workshops at:Dartmouth College- New Hampshire- Printmaking department- February<\/p>\n<p><b>2009<\/b> &#8211; MIAD Milwaukee Institute of Art and Design- Printmaking clases. Book s classes- Art critic painting students<\/p>\n<p>Visiting artist at MIAD &#8211; Darmouth College \u2013 (lecture and Workshops)<\/p>\n<p>Latin America Jewish Studies- University of Tel Aviv- with Sa\u00fal Sosnowski<\/p>\n<p>The University of New York at Buffalo- October <b>2009<\/b>.<\/p>\n<p><b>2008<\/b> &#8211; Visiting artist University of Maryland<\/p>\n<p>HUC- NY about my work<\/p>\n<p><b>2007<\/b> &#8211; Library of Congress with Sa\u00fal Sosnowski-Borges y la C\u00e1bala, Senderos del Verbo- Villa Ocampo- UNESCO, with Sa\u00fal Sosnowski .<\/p>\n<p>Visiting artist &#8211; MIAD \u2013 Milwaukee Institute of Art and design- Golda Meir Library- Wisconsin University- Milwaukee- Hebrew Union College- Lecture \u201cMirta Kupferminc as a printmaker\u201d-Visiting artist at Wisconsin University-( Lectures and exhibition-)<\/p>\n<p><b>2006<\/b> &#8211; LAJSA Latinamerican Jewish Studies \u2013National Library- Buenos Aires<\/p>\n<p>Round table about Postmemory- Hemispheric institute Encounter<\/p>\n<p><b>2004<\/b> &#8211; Paralel Worlds- Fundaci\u00f3n Internacional Jorge Luis Borges-<\/p>\n<p><b>2001<\/b> &#8211; Psicoanalisis and Art-Centro Cultural Borges \u2013 National Fine Arts Museum[\/vc_column_text]\t<\/div>\n<\/div><h5 class=\"eltdf-accordion-title\">\n    <span class=\"eltdf-accordion-mark\">\n\t\t<span class=\"eltdf-plus\"><\/span>\n\t\t<span class=\"eltdf-minus\"><\/span>\n\t<\/span>\n\t<span class=\"eltdf-tab-title\">Exhibitions (selection)<\/span>\n<\/h5>\n<div class=\"eltdf-accordion-content\">\n\t<div class=\"eltdf-accordion-content-inner\">\n\t\t[vc_column_text]<strong><b>2022 <\/b><\/strong>\u00ba <strong><b><span style=\"font-weight: 400;\">The Outside of The Inside \u2013 Centro Municipal de Avellaneda, Buenos Aires, Argentina.<\/span><span style=\"font-weight: 400;\"><br \/>\n<\/span><span style=\"font-weight: 400;\">\u201cBearing Witness\u201d \u2013 Museo del Holocausto, Buenos Aires, Argentina.<\/span><br \/>\n2021 <\/b><\/strong>\u00ba <strong><span style=\"font-weight: 400;\">The House is in the Book, collaboration with Andi Arnovitz and Lynne Avadenka \u2013 5<\/span><span style=\"font-weight: 400;\">th<\/span><span style=\"font-weight: 400;\"> Jerusalem Biennale, Jerusalem Print Workshop , Jerusalem Biennale Israel.<\/span><br \/>\n2020 <\/strong>\u00ba\u00a0<span style=\"font-weight: 400;\">Clamor in the Desert, Site Specific Installation &#8211; Jewish History Museum, Tucson, Arizona, U.S.A.<\/span><\/p>\n<p>\u00ba School Photos and their Afterlife- Hood Museum Hanover<\/p>\n<p>\u00ba The Other is Oneself- Franz Josefs Kai 3, Viena<\/p>\n<p>\u00ba Salon Manuel Belgrano, Museo S\u00edvori, Buenos Aires<\/p>\n<p><strong>2019 <\/strong>\u00ba Art and Jewish Mystisism- Joods Museum, Amsterdam, Holanda.<\/p>\n<p>\u00ba Descanso de Caminantes, Fundaci\u00f3n Cazadores, Buenos Aires.<\/p>\n<p>\u00ba Creator and\u00a0 y curator\u00a0 of the project Confrontation- Conversation, 4th<\/p>\n<p>Jerusalem Biennale<\/p>\n<p>\u00ba Beyond The Veil- Hotel Saturnia &amp; International, Venecia Italia-<\/p>\n<p>Artlife for the World, Venecia- Italia (taking Part).<\/p>\n<p>Women Mobilizing Memory- Congreso MSA, Madrid, Espa\u00f1a.<\/p>\n<p><strong>2018 \u00b0 <\/strong>Mundo Nuevo Art Gallery- \u201cBordering Silence\u201d<\/p>\n<p>CASYC, Santander, Spain \u201cAn Altar for Alter\u201d<\/p>\n<p><strong>2017 \u00b0 <\/strong>Represents Argentina at the Third Jerusalem Biennale-<\/p>\n<p>Traduttore-Traditore.<\/p>\n<p><strong>2016<\/strong> \u00ba DAIN\u00a0 Usina Cultural, Buenos Aires \u2013\u201cThe Body Of The Words\u201d.<\/p>\n<p>\u00ba \u201c Divided Waters\u201d- Venice- 500 years\u00a0 del Ghetto in Venice.<\/p>\n<p>\u00ba Festival de la Luz- Buenos Aires<\/p>\n<p><strong>2015 <\/strong>\u00ba Galerie Koo- Hong Kong<\/p>\n<p>\u00ba Art Biennial Jerusalem ( group show)<\/p>\n<p><strong>2014<\/strong> \u00ba Invited artist to show at the International printmaking exhibition at The Fine<\/p>\n<p>Art Museum , Shangai<\/p>\n<p>\u00ba Presentation at LABAlive at the 14<sup>th<\/sup> St Y , Manhattan USA<\/p>\n<p><strong>2013 <\/strong>\u00ba Printmaking exhibition at ArchivArte Gallery- Bern Switzerland<\/p>\n<p>\u00ba Gravura Brasileira, Sao Paulo- Brazil-<\/p>\n<p>\u00ba Experimental Printmaking Projects<\/p>\n<p><strong>2012<\/strong> \u00ba Fundaci\u00f3n Alon para las Artes- Buenos Aires- La Vida Espuma- with<\/p>\n<p>texts by Manuela Fingueret<\/p>\n<p>\u00ba Fundaci\u00f3n Fundacruz- R\u00edo Gallegos-<\/p>\n<p>\u00ba Mapping Desire: Borges And Kabbalah- with texts by Sa\u00fal<\/p>\n<p>Sosnowski<\/p>\n<p><strong>2011 <\/strong>\u00ba The Palm Of My Hand .Original M\u00faltiple Gallery- Buenos Aires.<\/p>\n<p>Centro de Cultura Judaica- Sao Paulo, Brasil.<\/p>\n<p>\u00ba Reni Duplaa: al borde de lo virtual- Galer\u00eda ATICA, Buenos Aires,<\/p>\n<p>(collaboration with Jorge Meijide)<\/p>\n<p><strong>2009 <\/strong>\u00ba WANDERINGS Jewish Museum Hebrew Union College NYU.<\/p>\n<p>\u00ba Galer\u00eda Arcimboldo- The Skin Of Memory, Buenos Aires .<\/p>\n<p><strong>2008 <\/strong>\u00ba Nohl Art Gallery\u2013 Wisconsin University- Milwaukee. \u201cWomen of the Book:<\/p>\n<p>Mirta Kupferminc and Shirah Apple.<\/p>\n<p>\u00ba Borges and the Kabbalah: Seeking Access Exhibition with texts by Sa\u00fal<\/p>\n<p><strong>\u00a0\u00a0\u00a0\u00a0\u00a0\u00a0\u00a0 \u00a0\u00a0\u00a0\u00a0<\/strong>Sosnowski. University of Maryland.<\/p>\n<p><strong>2007 \u00ba<\/strong> Cervantes Institute, Chicago,U.S.<\/p>\n<p>\u00ba Installation: The Skin Of Memory\u00a0 Hemisferic Institute,Centro Cultural<\/p>\n<p>\u00ba Buenos Aires,\u00a0 Buenos Aires,<\/p>\n<p>\u00ba Universidad CEMA \u2013 Skin and Soul of Memory.<\/p>\n<p><strong>2006 <\/strong>\u00ba Borges And Kabbalah: paths to the Word- texts Sa\u00fal Sosnowski-<\/p>\n<p>Centro Cultural Recoleta, Buenos Aires.<\/p>\n<p><strong>2005 <\/strong>\u00ba Universitat der K\u00fcnste Berlin Gallery,Germany<\/p>\n<p>\u00ba Exhibition video\u00a0 \u201cEn Camino\u201d\u00a0 Espacio Fundaci\u00f3n Telef\u00f3nica, BA<\/p>\n<p><strong>2004<\/strong> \u00ba International Foundation Jorge Luis Borges. \u201cMundos Convergentes\u201d<\/p>\n<p>Buenos Aires.<\/p>\n<p><strong>2003 \u00ba<\/strong> Invited by Argentinian Chancellery .<\/p>\n<p><strong>2002<\/strong> \u00ba S\u00edvori Museum Art Gallery, Buenos Aires, Argentina .<\/p>\n<p>\u00ba International Images, Sewickley, Pittsburgh<\/p>\n<p><strong>1999<\/strong> \u00ba Recoleta Cultural Center, Buenos Aires<\/p>\n<p>\u00ba Espacio Giesso Art Gallery, Buenos Aires.<\/p>\n<p>\u00ba Ruth Schweitzer Fine Arts Art Gallery, Toronto, Canada.<\/p>\n<p>\u00ba National Exhibition Hall (Palais de Glace), Buenos Aires.<\/p>\n<p><strong>1998 <\/strong>\u00baSokei Academy of Fine Arts, Tokyo, Japan.<\/p>\n<p><strong>1992<\/strong> \u00baModern Art Museum, Buenos Aires.<\/p>\n<p><strong>1990<\/strong> \u00ba American Art Museum, Punta del Este, Uruguay.<\/p>\n<p>\u00ba Wildenstein Art Gallery, Buenos Aires, Argentina .<\/p>\n<p><strong>1989 \u00ba <\/strong>Aramayo Art Gallery,Uruguay .<\/p>\n<p><strong>1984 <\/strong>\u00ba Praxis Art Gallery, Buenos Aires.<\/p>\n<p><strong>1982 \u00ba <\/strong>Rubbers Art Gallery, Buenos Aires, Argentina[\/vc_column_text]\t<\/div>\n<\/div><h5 class=\"eltdf-accordion-title\">\n    <span class=\"eltdf-accordion-mark\">\n\t\t<span class=\"eltdf-plus\"><\/span>\n\t\t<span class=\"eltdf-minus\"><\/span>\n\t<\/span>\n\t<span class=\"eltdf-tab-title\">Catalogues (selection)<\/span>\n<\/h5>\n<div class=\"eltdf-accordion-content\">\n\t<div class=\"eltdf-accordion-content-inner\">\n\t\t[vc_column_text]<span style=\"font-weight: 400;\">El Afuera del Adentro (2022) &#8211; CMA Centro Municipal de Arte de Avellaneda, Buenos Aires. &#8211; CMA Centro Municipal de Arte de Avellaneda, Buenos Aires.<\/span><\/p>\n<p>Bordering Silence (2018) <span style=\"font-weight: 400;\">&#8211; Mundo Nuevo Art Gallery &#8211; Buenos Aires.<\/span><\/p>\n<p>Traduttore-Tradittore (2017) <span style=\"font-weight: 400;\">&#8211; Underground Prisoners Museum, 3<\/span><span style=\"font-weight: 400;\">rd<\/span><span style=\"font-weight: 400;\"> Jerusalem Biennale. <\/span><\/p>\n<p>The Body Of The Word (2016)<span style=\"font-weight: 400;\">\u00a0\u2013 DAIN Usina Cultural, Buenos Aires.<\/span><\/p>\n<p>La Vida Espuma (2012)<\/p>\n<p>Wanderings (2009) Jeannie Rosensaft- Huc- Nyc<\/p>\n<p>Borges And The Kabbalah: Seeking Access- Sa\u00fal Sosnowski, University Of Maryland,\u00a0 College Park Art Gallery (2008)<\/p>\n<p>La Piel De La Memoria (2007) &#8211; Marianne Hirsch &amp; Leo Spitzer<\/p>\n<p>Borges And The Kabbalah : Paths To The Verb- Saul Sosnowski- (2006)<\/p>\n<p>Gente Del Otro Espejo (2001) &#8211; Julio Sapollnick<\/p>\n<p>Mundos Paralelos (1999)<\/p>\n<p>4 Artistas Pl\u00e1sticos Argentinos (1997)[\/vc_column_text]\t<\/div>\n<\/div><h5 class=\"eltdf-accordion-title\">\n    <span class=\"eltdf-accordion-mark\">\n\t\t<span class=\"eltdf-plus\"><\/span>\n\t\t<span class=\"eltdf-minus\"><\/span>\n\t<\/span>\n\t<span class=\"eltdf-tab-title\">Articles and books (selection)<\/span>\n<\/h5>\n<div class=\"eltdf-accordion-content\">\n\t<div class=\"eltdf-accordion-content-inner\">\n\t\t[vc_column_text]<\/p>\n<p lang=\"en-US\"><span style=\"font-weight: 400;\">Kolture<\/span><span style=\"font-weight: 400;\">, JAS. Boston (2022)<\/span><span style=\"font-weight: 400;\"><br \/>\n<\/span><span style=\"font-weight: 400;\">Revista APA. Buenos Aires (2022)<\/span><span style=\"font-weight: 400;\"><br \/>\n<\/span><span style=\"font-weight: 400;\">Cuadernos de la Shoa. Museo del Holocausto B.A. &#8211; Andi Arnovitz, Lynne Avadenka, Mirta Kupferminc (2022)<\/span><span style=\"font-weight: 400;\"><br \/>\n<\/span><span style=\"font-weight: 400;\">The House Is in the Book: collaboration in isolation. Artist Book (2021)<\/span><span style=\"font-weight: 400;\"><br \/>\n<\/span><span style=\"font-weight: 400;\">Shalvi\/Hyman Encyclopedia of Jewish Women (2021)<\/span><span style=\"font-weight: 400;\"><br \/>\n<\/span><span style=\"font-weight: 400;\">Truth in the Americas. Rutgers University &#8211; Natasha Zarebsky (2021)\u00a0<\/span><span style=\"font-weight: 400;\"><br \/>\n<\/span><\/p>\n<p lang=\"en-US\"><span style=\"font-weight: 400;\">Testimonio para el Testigo\/ Bearing Witness<\/span><span style=\"font-weight: 400;\">. Libro de Artista &#8211; Mirta Kupferminc (2020)<\/span><\/p>\n<p lang=\"en-US\"><span style=\"font-weight: 400;\">The Other Argentina &#8211; Amy Kaminsky\u00a0 (2020) <\/span><span style=\"font-weight: 400;\">\u00a0Boston.<\/span><span style=\"font-weight: 400;\"><br \/>\n<\/span><\/p>\n<p class=\"western\" lang=\"en-US\">School photos in Liquid Time (2019) Hirsch-Spitzer<\/p>\n<p class=\"western\" lang=\"en-US\">Women and Migration &#8211; Response in Art and History (2018) Willis- Toscano- Nelson<\/p>\n<p class=\"western\" lang=\"en-US\"><span lang=\"es-ES\">Revista Casa Foa. (July 2016) Buenos Aires<\/span><\/p>\n<p class=\"western\" lang=\"en-US\">Sculpture Magazine (2015) New York<\/p>\n<p class=\"western\">Cultura e Educa\u00e7ao- Coelho Teixeira (2015) Brazil<\/p>\n<p class=\"western\">God, Faith, &amp; Identity From The Ashes- Menachem Z. Rosensaft (2014) NY<\/p>\n<p class=\"western\">The Global And the Intimate : Feminism In our Time- Geraldine Pratt, Victoria Rosner (2013)<\/p>\n<p class=\"western\">Harbinger of Modernity\u2013 Dalia Wassner (2013)<\/p>\n<p class=\"western\">Painting Borges: Philosophy Interpreting Art Interpreting- Jorge J. E. Garc\u00eda (2012)<\/p>\n<p class=\"western\">Future of Text And Image: collected essays \u2013 Ofra Amihay, Lauren Walsh (2012)<\/p>\n<p class=\"western\">The New Jewish Argentina- Adriana Brodsky , Raanaan Rein (2012)<\/p>\n<p class=\"western\">In the wake Of Neoliberalism : Citizenship And Human Rights- Karen Faluk- (2012)<\/p>\n<p class=\"western\">Returning To Babel: Jewish Latin American experiences- amalia Ran- Jean Cahan (2011)<\/p>\n<p class=\"western\">Critical Mass : printmaking Beyond The Edge- Richard Noyce- (2010)<\/p>\n<p class=\"western\">The Jewish Diaspora In Latin America And The Caribbean- Kristin Ruggiero (2010)<\/p>\n<p class=\"western\">Installations and experimental Printmaking- Alexia Tala (2009)<\/p>\n<p class=\"western\">Misplaced objects: Migrating Collections and Recollections- Silvia Spitta (2009)<\/p>\n<p class=\"western\">Rethinking Jewish- Latin America- Jeff Lesser, Raanaan Rein- (2008)<\/p>\n<p class=\"western\">The Walls Of Labyrinth\u2026- Karen Ann Faluck (2008)<\/p>\n<p class=\"western\">Argentina: A Global Studies Handbook.- Todd L. Edwards (2008)<\/p>\n<p class=\"western\">Diaspora And Memory: Figures Of Displacement.- Marie- Aude Baronian, Stephan Besser, Yolande Janses (2007)<\/p>\n<p class=\"western\">Debate Feminista- Vol 18 (2007)<\/p>\n<p class=\"western\">Art News- Vol. 101-<\/p>\n<p class=\"western\">Hijos De La Guerra- Diana Wang, Constanza Brunet- (2007)<\/p>\n<p class=\"western\">Grabart- Papel Y Estampa- (2006)<\/p>\n<p class=\"western\">Espiral De interrogantes- Reynaldo Gonzalez- (2004)<\/p>\n<p class=\"western\"><span lang=\"en-US\">Iluminaciones Jud\u00edas- Eliahu Toker (2002)<\/span><\/p>\n<p class=\"western\"><span lang=\"en-US\">Art News- issue March (2002)<\/span><\/p>\n<p class=\"western\"><span lang=\"en-US\">AJS- Perspectives- Magazzine of Jewish Studies- migration- issue fall 2017<\/span><\/p>\n<p>[\/vc_column_text]\t<\/div>\n<\/div><h5 class=\"eltdf-accordion-title\">\n    <span class=\"eltdf-accordion-mark\">\n\t\t<span class=\"eltdf-plus\"><\/span>\n\t\t<span class=\"eltdf-minus\"><\/span>\n\t<\/span>\n\t<span class=\"eltdf-tab-title\">Teaching Activity<\/span>\n<\/h5>\n<div class=\"eltdf-accordion-content\">\n\t<div class=\"eltdf-accordion-content-inner\">\n\t\t[vc_column_text]In Argentina, Mirta runs her own art studio from 1981 to date, where she teaches artists of different levels and from multiple fields of the artistic landscape.<\/p>\n<p>She also coordinates the GRAFICA INSURGENTE group, which she founded in 2018 and leads to date. It consists of a group of reflection for professional artists which she trains in the practical situations of professional activity.<\/p>\n<p>Since 1980, she developes an intense teaching activity.<\/p>\n<p>She launched\u00a0 and directs since then, LABA-BA : Laboratory of Art and Jewish Culture in Buenos Aires in 2015, together with LABA in the 14th st Y of NYC.<\/p>\n<p>Organizes and coordinates residencies of studies for artists of multiple disciplines together with Lic. Tova Sharzman; with whom she directes study travells and exhibitions of LABA-BA in New York.<\/p>\n<p>She directs her own studio accompanying artists in their ownprojects.<\/p>\n<p>Coordinates training for educators. Lecturer locally and in many universities abroad.<\/p>\n<ul>\n<li>Bamah years 2006-2005<\/li>\n<li>Tarbut School 2007<\/li>\n<li>Badaj Jinuj- AMIA year 2006<\/li>\n<li>Limud- Buenos Aires year 2008 -2010-2011<\/li>\n<li>Dartmouth College- New Hampshire- printing department- February 2009.<\/li>\n<li>University of Maryland- St Mary&#8217;s College.<\/li>\n<li>Maryland (2010)The University of New York in Buffalo (2011)<\/li>\n<\/ul>\n<p>MIAD Milwaukee Institute of Art and Design- engraving classes. Workshops on Artist&#8217;s Book &#8211; Work clinic for painting students.<\/p>\n<p>She\u00a0 gave a postgraduate seminars at the Tres De Febrero University in Buenos Aires during a semester &#8220;A Jewish glanze on the Visual Arts&#8221; and multiple workshops in universities in the United States.[\/vc_column_text]\t<\/div>\n<\/div><\/div>[\/vc_column][\/vc_row]<\/p>\n<\/section>","protected":false},"excerpt":{"rendered":"<p>[vc_row row_content_width=&#8221;grid&#8221;][vc_column offset=&#8221;vc_col-lg-5 vc_col-md-12 vc_col-xs-12&#8243; el_class=&#8221;fila_mirta_curriculum_custom&#8221;][vc_empty_space height=&#8221;30px&#8221;][vc_column_text] Photo by: Alejandro Meter [\/vc_column_text][\/vc_column][vc_column offset=&#8221;vc_col-lg-7 vc_col-md-12 vc_col-xs-12&#8243;][vc_empty_space height=&#8221;38px&#8221;][vc_column_text] Mirta Kupferminc, Multidisciplinary artist, Born, Buenos Aires, Argentina1955- Studies: Ernesto de la C\u00e1rcova (Superior Studies) &#8211; 1978 to 1981 Prilidiano Pueyrred\u00f3n (National Art University) &#8211; Degree: Master- 1974 to 1977 Manuel Belgrano (National Art College) \u2013 1969 to1973 Lecturer, mentor of other artists and teacher, she lives [&hellip;]<\/p>\n","protected":false},"author":3,"featured_media":0,"parent":0,"menu_order":0,"comment_status":"closed","ping_status":"closed","template":"full-width.php","meta":{"_acf_changed":false,"footnotes":""},"class_list":["post-5211","page","type-page","status-publish","hentry"],"acf":[],"yoast_head":"<!-- This site is optimized with the Yoast SEO plugin v24.6 - https:\/\/yoast.com\/wordpress\/plugins\/seo\/ -->\n<title>Curriculum - Mirta Kupferminc<\/title>\n<meta name=\"robots\" content=\"index, follow, max-snippet:-1, max-image-preview:large, max-video-preview:-1\" \/>\n<link rel=\"canonical\" href=\"https:\/\/www.mirtakupferminc.net\/en\/curriculum\/\" \/>\n<meta name=\"twitter:card\" content=\"summary_large_image\" \/>\n<meta name=\"twitter:title\" content=\"Curriculum - Mirta Kupferminc\" \/>\n<meta name=\"twitter:description\" content=\"[vc_row row_content_width=&#8221;grid&#8221;][vc_column offset=&#8221;vc_col-lg-5 vc_col-md-12 vc_col-xs-12&#8243; el_class=&#8221;fila_mirta_curriculum_custom&#8221;][vc_empty_space height=&#8221;30px&#8221;][vc_column_text] Photo by: Alejandro Meter [\/vc_column_text][\/vc_column][vc_column offset=&#8221;vc_col-lg-7 vc_col-md-12 vc_col-xs-12&#8243;][vc_empty_space height=&#8221;38px&#8221;][vc_column_text] Mirta Kupferminc, Multidisciplinary artist, Born, Buenos Aires, Argentina1955- Studies: Ernesto de la C\u00e1rcova (Superior Studies) &#8211; 1978 to 1981 Prilidiano Pueyrred\u00f3n (National Art University) &#8211; Degree: Master- 1974 to 1977 Manuel Belgrano (National Art College) \u2013 1969 to1973 Lecturer, mentor of other artists and teacher, she lives [&hellip;]\" \/>\n<meta name=\"twitter:site\" content=\"@MirtaKupferminc\" \/>\n<meta name=\"twitter:label1\" content=\"Est. reading time\" \/>\n\t<meta name=\"twitter:data1\" content=\"12 minutes\" \/>\n<script type=\"application\/ld+json\" class=\"yoast-schema-graph\">{\"@context\":\"https:\/\/schema.org\",\"@graph\":[{\"@type\":\"WebPage\",\"@id\":\"https:\/\/www.mirtakupferminc.net\/en\/curriculum\/\",\"url\":\"https:\/\/www.mirtakupferminc.net\/en\/curriculum\/\",\"name\":\"Curriculum - Mirta Kupferminc\",\"isPartOf\":{\"@id\":\"https:\/\/www.mirtakupferminc.net\/#website\"},\"datePublished\":\"2018-10-23T09:43:04+00:00\",\"dateModified\":\"2023-03-20T03:04:59+00:00\",\"breadcrumb\":{\"@id\":\"https:\/\/www.mirtakupferminc.net\/en\/curriculum\/#breadcrumb\"},\"inLanguage\":\"en-US\",\"potentialAction\":[{\"@type\":\"ReadAction\",\"target\":[\"https:\/\/www.mirtakupferminc.net\/en\/curriculum\/\"]}]},{\"@type\":\"BreadcrumbList\",\"@id\":\"https:\/\/www.mirtakupferminc.net\/en\/curriculum\/#breadcrumb\",\"itemListElement\":[{\"@type\":\"ListItem\",\"position\":1,\"name\":\"Portada\",\"item\":\"https:\/\/www.mirtakupferminc.net\/en\/\"},{\"@type\":\"ListItem\",\"position\":2,\"name\":\"Curriculum\"}]},{\"@type\":\"WebSite\",\"@id\":\"https:\/\/www.mirtakupferminc.net\/#website\",\"url\":\"https:\/\/www.mirtakupferminc.net\/\",\"name\":\"Mirta Kupferminc\",\"description\":\"Artista\",\"publisher\":{\"@id\":\"https:\/\/www.mirtakupferminc.net\/#organization\"},\"potentialAction\":[{\"@type\":\"SearchAction\",\"target\":{\"@type\":\"EntryPoint\",\"urlTemplate\":\"https:\/\/www.mirtakupferminc.net\/?s={search_term_string}\"},\"query-input\":{\"@type\":\"PropertyValueSpecification\",\"valueRequired\":true,\"valueName\":\"search_term_string\"}}],\"inLanguage\":\"en-US\"},{\"@type\":\"Organization\",\"@id\":\"https:\/\/www.mirtakupferminc.net\/#organization\",\"name\":\"Mirta Kupferminc\",\"url\":\"https:\/\/www.mirtakupferminc.net\/\",\"logo\":{\"@type\":\"ImageObject\",\"inLanguage\":\"en-US\",\"@id\":\"https:\/\/www.mirtakupferminc.net\/#\/schema\/logo\/image\/\",\"url\":\"https:\/\/www.mirtakupferminc.net\/wp-content\/uploads\/2019\/11\/logos_mirta_final_.png\",\"contentUrl\":\"https:\/\/www.mirtakupferminc.net\/wp-content\/uploads\/2019\/11\/logos_mirta_final_.png\",\"width\":251,\"height\":28,\"caption\":\"Mirta Kupferminc\"},\"image\":{\"@id\":\"https:\/\/www.mirtakupferminc.net\/#\/schema\/logo\/image\/\"},\"sameAs\":[\"https:\/\/x.com\/MirtaKupferminc\"]}]}<\/script>\n<!-- \/ Yoast SEO plugin. -->","yoast_head_json":{"title":"Curriculum - Mirta Kupferminc","robots":{"index":"index","follow":"follow","max-snippet":"max-snippet:-1","max-image-preview":"max-image-preview:large","max-video-preview":"max-video-preview:-1"},"canonical":"https:\/\/www.mirtakupferminc.net\/en\/curriculum\/","twitter_card":"summary_large_image","twitter_title":"Curriculum - Mirta Kupferminc","twitter_description":"[vc_row row_content_width=&#8221;grid&#8221;][vc_column offset=&#8221;vc_col-lg-5 vc_col-md-12 vc_col-xs-12&#8243; el_class=&#8221;fila_mirta_curriculum_custom&#8221;][vc_empty_space height=&#8221;30px&#8221;][vc_column_text] Photo by: Alejandro Meter [\/vc_column_text][\/vc_column][vc_column offset=&#8221;vc_col-lg-7 vc_col-md-12 vc_col-xs-12&#8243;][vc_empty_space height=&#8221;38px&#8221;][vc_column_text] Mirta Kupferminc, Multidisciplinary artist, Born, Buenos Aires, Argentina1955- Studies: Ernesto de la C\u00e1rcova (Superior Studies) &#8211; 1978 to 1981 Prilidiano Pueyrred\u00f3n (National Art University) &#8211; Degree: Master- 1974 to 1977 Manuel Belgrano (National Art College) \u2013 1969 to1973 Lecturer, mentor of other artists and teacher, she lives [&hellip;]","twitter_site":"@MirtaKupferminc","twitter_misc":{"Est. reading time":"12 minutes"},"schema":{"@context":"https:\/\/schema.org","@graph":[{"@type":"WebPage","@id":"https:\/\/www.mirtakupferminc.net\/en\/curriculum\/","url":"https:\/\/www.mirtakupferminc.net\/en\/curriculum\/","name":"Curriculum - Mirta Kupferminc","isPartOf":{"@id":"https:\/\/www.mirtakupferminc.net\/#website"},"datePublished":"2018-10-23T09:43:04+00:00","dateModified":"2023-03-20T03:04:59+00:00","breadcrumb":{"@id":"https:\/\/www.mirtakupferminc.net\/en\/curriculum\/#breadcrumb"},"inLanguage":"en-US","potentialAction":[{"@type":"ReadAction","target":["https:\/\/www.mirtakupferminc.net\/en\/curriculum\/"]}]},{"@type":"BreadcrumbList","@id":"https:\/\/www.mirtakupferminc.net\/en\/curriculum\/#breadcrumb","itemListElement":[{"@type":"ListItem","position":1,"name":"Portada","item":"https:\/\/www.mirtakupferminc.net\/en\/"},{"@type":"ListItem","position":2,"name":"Curriculum"}]},{"@type":"WebSite","@id":"https:\/\/www.mirtakupferminc.net\/#website","url":"https:\/\/www.mirtakupferminc.net\/","name":"Mirta Kupferminc","description":"Artista","publisher":{"@id":"https:\/\/www.mirtakupferminc.net\/#organization"},"potentialAction":[{"@type":"SearchAction","target":{"@type":"EntryPoint","urlTemplate":"https:\/\/www.mirtakupferminc.net\/?s={search_term_string}"},"query-input":{"@type":"PropertyValueSpecification","valueRequired":true,"valueName":"search_term_string"}}],"inLanguage":"en-US"},{"@type":"Organization","@id":"https:\/\/www.mirtakupferminc.net\/#organization","name":"Mirta Kupferminc","url":"https:\/\/www.mirtakupferminc.net\/","logo":{"@type":"ImageObject","inLanguage":"en-US","@id":"https:\/\/www.mirtakupferminc.net\/#\/schema\/logo\/image\/","url":"https:\/\/www.mirtakupferminc.net\/wp-content\/uploads\/2019\/11\/logos_mirta_final_.png","contentUrl":"https:\/\/www.mirtakupferminc.net\/wp-content\/uploads\/2019\/11\/logos_mirta_final_.png","width":251,"height":28,"caption":"Mirta Kupferminc"},"image":{"@id":"https:\/\/www.mirtakupferminc.net\/#\/schema\/logo\/image\/"},"sameAs":["https:\/\/x.com\/MirtaKupferminc"]}]}},"_links":{"self":[{"href":"https:\/\/www.mirtakupferminc.net\/en\/wp-json\/wp\/v2\/pages\/5211","targetHints":{"allow":["GET"]}}],"collection":[{"href":"https:\/\/www.mirtakupferminc.net\/en\/wp-json\/wp\/v2\/pages"}],"about":[{"href":"https:\/\/www.mirtakupferminc.net\/en\/wp-json\/wp\/v2\/types\/page"}],"author":[{"embeddable":true,"href":"https:\/\/www.mirtakupferminc.net\/en\/wp-json\/wp\/v2\/users\/3"}],"replies":[{"embeddable":true,"href":"https:\/\/www.mirtakupferminc.net\/en\/wp-json\/wp\/v2\/comments?post=5211"}],"version-history":[{"count":0,"href":"https:\/\/www.mirtakupferminc.net\/en\/wp-json\/wp\/v2\/pages\/5211\/revisions"}],"wp:attachment":[{"href":"https:\/\/www.mirtakupferminc.net\/en\/wp-json\/wp\/v2\/media?parent=5211"}],"curies":[{"name":"wp","href":"https:\/\/api.w.org\/{rel}","templated":true}]}}